{"id":84,"date":"2025-11-30T17:37:33","date_gmt":"2025-11-30T17:37:33","guid":{"rendered":"https:\/\/proelectrosonic.com\/?page_id=84"},"modified":"2025-12-01T19:33:08","modified_gmt":"2025-12-01T19:33:08","slug":"integracion-audiovisual","status":"publish","type":"page","link":"https:\/\/proelectrosonic.com\/index.php\/integracion-audiovisual\/","title":{"rendered":"Integraci\u00f3n Audiovisual"},"content":{"rendered":"\n<p class=\"has-black-color has-text-color has-link-color has-large-font-size wp-elements-f1a679c73d271f85c71c33f1b4a363fd\"><strong>Sistemas Broadcast para Televisi\u00f3n y Radio<\/strong><\/p>\n\n\n\n<hr class=\"wp-block-separator has-text-color has-alpha-channel-opacity has-background is-style-default blue-separator\" style=\"background-color:#142655;color:#142655\"\/>\n\n\n\n<p class=\"has-text-color has-link-color has-medium-font-size wp-elements-e68537199d6ca3ec616861a6a768b0f7\" style=\"color:#303030\">Con amplia experiencia en este \u00e1mbito, hemos realizado importantes instalaciones en nuestra regi\u00f3n, emisoras de radio de Orellana, Castuera, Navalvillar de Pela, Monasterio, Cabeza del Buey, Plasencia, Jaraiz, etc.<br>Adem\u00e1s hemos integrados los sistemas de video y audio para televisi\u00f3n de los institutos m\u00e1s importantes en este \u00e1rea, los plat\u00f3s y realizaci\u00f3n del IES Extremadura de M\u00e9rida, IES El Brocense de C\u00e1ceres, IES Garc\u00eda Tellez de C\u00e1ceres, IES Em\u00e9rita Augusta de M\u00e9rida, etc.<\/p>\n\n\n\n<div class=\"wp-block-columns is-layout-flex wp-container-core-columns-is-layout-9d6595d7 wp-block-columns-is-layout-flex\">\n<div class=\"wp-block-column is-layout-flow wp-block-column-is-layout-flow\"><div class=\"wp-block-image\">\n<figure class=\"aligncenter size-full\"><img fetchpriority=\"high\" decoding=\"async\" width=\"497\" height=\"372\" src=\"https:\/\/proelectrosonic.com\/wp-content\/uploads\/2025\/12\/integracion1.jpg\" alt=\"\" class=\"wp-image-300\" srcset=\"https:\/\/proelectrosonic.com\/wp-content\/uploads\/2025\/12\/integracion1.jpg 497w, https:\/\/proelectrosonic.com\/wp-content\/uploads\/2025\/12\/integracion1-300x225.jpg 300w, https:\/\/proelectrosonic.com\/wp-content\/uploads\/2025\/12\/integracion1-214x160.jpg 214w\" sizes=\"(max-width: 497px) 100vw, 497px\" \/><\/figure><\/div><\/div>\n\n\n\n<div class=\"wp-block-column is-layout-flow wp-block-column-is-layout-flow\"><div class=\"wp-block-image\">\n<figure class=\"aligncenter size-full\"><img decoding=\"async\" width=\"367\" height=\"274\" src=\"https:\/\/proelectrosonic.com\/wp-content\/uploads\/2025\/12\/integracion2.jpg\" alt=\"\" class=\"wp-image-302\" srcset=\"https:\/\/proelectrosonic.com\/wp-content\/uploads\/2025\/12\/integracion2.jpg 367w, https:\/\/proelectrosonic.com\/wp-content\/uploads\/2025\/12\/integracion2-300x224.jpg 300w, https:\/\/proelectrosonic.com\/wp-content\/uploads\/2025\/12\/integracion2-214x160.jpg 214w\" sizes=\"(max-width: 367px) 100vw, 367px\" \/><\/figure><\/div><\/div>\n\n\n\n<div class=\"wp-block-column is-layout-flow wp-block-column-is-layout-flow\"><div class=\"wp-block-image\">\n<figure class=\"aligncenter size-full\"><img decoding=\"async\" width=\"402\" height=\"275\" src=\"https:\/\/proelectrosonic.com\/wp-content\/uploads\/2025\/12\/integracion3.jpg\" alt=\"\" class=\"wp-image-303\" srcset=\"https:\/\/proelectrosonic.com\/wp-content\/uploads\/2025\/12\/integracion3.jpg 402w, https:\/\/proelectrosonic.com\/wp-content\/uploads\/2025\/12\/integracion3-300x205.jpg 300w, https:\/\/proelectrosonic.com\/wp-content\/uploads\/2025\/12\/integracion3-234x160.jpg 234w\" sizes=\"(max-width: 402px) 100vw, 402px\" \/><\/figure><\/div><\/div>\n<\/div>\n","protected":false},"excerpt":{"rendered":"<p>Sistemas Broadcast para Televisi\u00f3n y Radio Con amplia experiencia en este \u00e1mbito, hemos realizado importantes instalaciones en nuestra regi\u00f3n, emisoras de radio de Orellana, Castuera, Navalvillar de Pela, Monasterio, Cabeza del Buey, Plasencia, Jaraiz, etc.Adem\u00e1s hemos integrados los sistemas de video y audio para televisi\u00f3n de los institutos m\u00e1s importantes en este \u00e1rea, los plat\u00f3s y realizaci\u00f3n del IES Extremadura de M\u00e9rida, IES El Brocense de C\u00e1ceres, IES Garc\u00eda Tellez de C\u00e1ceres, IES Em\u00e9rita Augusta de M\u00e9rida, etc.<\/p>\n","protected":false},"author":1,"featured_media":0,"parent":0,"menu_order":0,"comment_status":"closed","ping_status":"closed","template":"","meta":{"_eb_attr":"","footnotes":""},"class_list":["post-84","page","type-page","status-publish","hentry"],"yoast_head":"<!-- This site is optimized with the Yoast SEO plugin v26.4 - https:\/\/yoast.com\/wordpress\/plugins\/seo\/ -->\n<title>Integraci\u00f3n Audiovisual - Proelectrosonic<\/title>\n<meta name=\"robots\" content=\"index, follow, max-snippet:-1, max-image-preview:large, max-video-preview:-1\" \/>\n<link rel=\"canonical\" href=\"https:\/\/proelectrosonic.com\/index.php\/integracion-audiovisual\/\" \/>\n<meta property=\"og:locale\" content=\"es_ES\" \/>\n<meta property=\"og:type\" content=\"article\" \/>\n<meta property=\"og:title\" content=\"Integraci\u00f3n Audiovisual - Proelectrosonic\" \/>\n<meta property=\"og:description\" content=\"Sistemas Broadcast para Televisi\u00f3n y Radio Con amplia experiencia en este \u00e1mbito, hemos realizado importantes instalaciones en nuestra regi\u00f3n, emisoras de radio de Orellana, Castuera, Navalvillar de Pela, Monasterio, Cabeza del Buey, Plasencia, Jaraiz, etc.Adem\u00e1s hemos integrados los sistemas de video y audio para televisi\u00f3n de los institutos m\u00e1s importantes en este \u00e1rea, los plat\u00f3s y realizaci\u00f3n del IES Extremadura de M\u00e9rida, IES El Brocense de C\u00e1ceres, IES Garc\u00eda Tellez de C\u00e1ceres, IES Em\u00e9rita Augusta de M\u00e9rida, etc.\" \/>\n<meta property=\"og:url\" content=\"https:\/\/proelectrosonic.com\/index.php\/integracion-audiovisual\/\" \/>\n<meta property=\"og:site_name\" content=\"Proelectrosonic\" \/>\n<meta property=\"article:modified_time\" content=\"2025-12-01T19:33:08+00:00\" \/>\n<meta property=\"og:image\" content=\"https:\/\/proelectrosonic.com\/wp-content\/uploads\/2025\/12\/integracion1.jpg\" \/>\n\t<meta property=\"og:image:width\" content=\"497\" \/>\n\t<meta property=\"og:image:height\" content=\"372\" \/>\n\t<meta property=\"og:image:type\" content=\"image\/jpeg\" \/>\n<meta name=\"twitter:card\" content=\"summary_large_image\" \/>\n<meta name=\"twitter:label1\" content=\"Tiempo de lectura\" \/>\n\t<meta name=\"twitter:data1\" content=\"1 minuto\" \/>\n<script type=\"application\/ld+json\" class=\"yoast-schema-graph\">{\"@context\":\"https:\/\/schema.org\",\"@graph\":[{\"@type\":\"WebPage\",\"@id\":\"https:\/\/proelectrosonic.com\/index.php\/integracion-audiovisual\/\",\"url\":\"https:\/\/proelectrosonic.com\/index.php\/integracion-audiovisual\/\",\"name\":\"Integraci\u00f3n Audiovisual - Proelectrosonic\",\"isPartOf\":{\"@id\":\"https:\/\/proelectrosonic.com\/#website\"},\"primaryImageOfPage\":{\"@id\":\"https:\/\/proelectrosonic.com\/index.php\/integracion-audiovisual\/#primaryimage\"},\"image\":{\"@id\":\"https:\/\/proelectrosonic.com\/index.php\/integracion-audiovisual\/#primaryimage\"},\"thumbnailUrl\":\"https:\/\/proelectrosonic.com\/wp-content\/uploads\/2025\/12\/integracion1.jpg\",\"datePublished\":\"2025-11-30T17:37:33+00:00\",\"dateModified\":\"2025-12-01T19:33:08+00:00\",\"breadcrumb\":{\"@id\":\"https:\/\/proelectrosonic.com\/index.php\/integracion-audiovisual\/#breadcrumb\"},\"inLanguage\":\"es\",\"potentialAction\":[{\"@type\":\"ReadAction\",\"target\":[\"https:\/\/proelectrosonic.com\/index.php\/integracion-audiovisual\/\"]}]},{\"@type\":\"ImageObject\",\"inLanguage\":\"es\",\"@id\":\"https:\/\/proelectrosonic.com\/index.php\/integracion-audiovisual\/#primaryimage\",\"url\":\"https:\/\/proelectrosonic.com\/wp-content\/uploads\/2025\/12\/integracion1.jpg\",\"contentUrl\":\"https:\/\/proelectrosonic.com\/wp-content\/uploads\/2025\/12\/integracion1.jpg\",\"width\":497,\"height\":372},{\"@type\":\"BreadcrumbList\",\"@id\":\"https:\/\/proelectrosonic.com\/index.php\/integracion-audiovisual\/#breadcrumb\",\"itemListElement\":[{\"@type\":\"ListItem\",\"position\":1,\"name\":\"Portada\",\"item\":\"https:\/\/proelectrosonic.com\/\"},{\"@type\":\"ListItem\",\"position\":2,\"name\":\"Integraci\u00f3n Audiovisual\"}]},{\"@type\":\"WebSite\",\"@id\":\"https:\/\/proelectrosonic.com\/#website\",\"url\":\"https:\/\/proelectrosonic.com\/\",\"name\":\"Proelectrosonic\",\"description\":\"\",\"publisher\":{\"@id\":\"https:\/\/proelectrosonic.com\/#organization\"},\"potentialAction\":[{\"@type\":\"SearchAction\",\"target\":{\"@type\":\"EntryPoint\",\"urlTemplate\":\"https:\/\/proelectrosonic.com\/?s={search_term_string}\"},\"query-input\":{\"@type\":\"PropertyValueSpecification\",\"valueRequired\":true,\"valueName\":\"search_term_string\"}}],\"inLanguage\":\"es\"},{\"@type\":\"Organization\",\"@id\":\"https:\/\/proelectrosonic.com\/#organization\",\"name\":\"Proelectrosonic\",\"url\":\"https:\/\/proelectrosonic.com\/\",\"logo\":{\"@type\":\"ImageObject\",\"inLanguage\":\"es\",\"@id\":\"https:\/\/proelectrosonic.com\/#\/schema\/logo\/image\/\",\"url\":\"https:\/\/proelectrosonic.com\/wp-content\/uploads\/2025\/11\/cropped-logo.jpg\",\"contentUrl\":\"https:\/\/proelectrosonic.com\/wp-content\/uploads\/2025\/11\/cropped-logo.jpg\",\"width\":364,\"height\":35,\"caption\":\"Proelectrosonic\"},\"image\":{\"@id\":\"https:\/\/proelectrosonic.com\/#\/schema\/logo\/image\/\"}}]}<\/script>\n<!-- \/ Yoast SEO plugin. -->","yoast_head_json":{"title":"Integraci\u00f3n Audiovisual - Proelectrosonic","robots":{"index":"index","follow":"follow","max-snippet":"max-snippet:-1","max-image-preview":"max-image-preview:large","max-video-preview":"max-video-preview:-1"},"canonical":"https:\/\/proelectrosonic.com\/index.php\/integracion-audiovisual\/","og_locale":"es_ES","og_type":"article","og_title":"Integraci\u00f3n Audiovisual - Proelectrosonic","og_description":"Sistemas Broadcast para Televisi\u00f3n y Radio Con amplia experiencia en este \u00e1mbito, hemos realizado importantes instalaciones en nuestra regi\u00f3n, emisoras de radio de Orellana, Castuera, Navalvillar de Pela, Monasterio, Cabeza del Buey, Plasencia, Jaraiz, etc.Adem\u00e1s hemos integrados los sistemas de video y audio para televisi\u00f3n de los institutos m\u00e1s importantes en este \u00e1rea, los plat\u00f3s y realizaci\u00f3n del IES Extremadura de M\u00e9rida, IES El Brocense de C\u00e1ceres, IES Garc\u00eda Tellez de C\u00e1ceres, IES Em\u00e9rita Augusta de M\u00e9rida, etc.","og_url":"https:\/\/proelectrosonic.com\/index.php\/integracion-audiovisual\/","og_site_name":"Proelectrosonic","article_modified_time":"2025-12-01T19:33:08+00:00","og_image":[{"width":497,"height":372,"url":"https:\/\/proelectrosonic.com\/wp-content\/uploads\/2025\/12\/integracion1.jpg","type":"image\/jpeg"}],"twitter_card":"summary_large_image","twitter_misc":{"Tiempo de lectura":"1 minuto"},"schema":{"@context":"https:\/\/schema.org","@graph":[{"@type":"WebPage","@id":"https:\/\/proelectrosonic.com\/index.php\/integracion-audiovisual\/","url":"https:\/\/proelectrosonic.com\/index.php\/integracion-audiovisual\/","name":"Integraci\u00f3n Audiovisual - Proelectrosonic","isPartOf":{"@id":"https:\/\/proelectrosonic.com\/#website"},"primaryImageOfPage":{"@id":"https:\/\/proelectrosonic.com\/index.php\/integracion-audiovisual\/#primaryimage"},"image":{"@id":"https:\/\/proelectrosonic.com\/index.php\/integracion-audiovisual\/#primaryimage"},"thumbnailUrl":"https:\/\/proelectrosonic.com\/wp-content\/uploads\/2025\/12\/integracion1.jpg","datePublished":"2025-11-30T17:37:33+00:00","dateModified":"2025-12-01T19:33:08+00:00","breadcrumb":{"@id":"https:\/\/proelectrosonic.com\/index.php\/integracion-audiovisual\/#breadcrumb"},"inLanguage":"es","potentialAction":[{"@type":"ReadAction","target":["https:\/\/proelectrosonic.com\/index.php\/integracion-audiovisual\/"]}]},{"@type":"ImageObject","inLanguage":"es","@id":"https:\/\/proelectrosonic.com\/index.php\/integracion-audiovisual\/#primaryimage","url":"https:\/\/proelectrosonic.com\/wp-content\/uploads\/2025\/12\/integracion1.jpg","contentUrl":"https:\/\/proelectrosonic.com\/wp-content\/uploads\/2025\/12\/integracion1.jpg","width":497,"height":372},{"@type":"BreadcrumbList","@id":"https:\/\/proelectrosonic.com\/index.php\/integracion-audiovisual\/#breadcrumb","itemListElement":[{"@type":"ListItem","position":1,"name":"Portada","item":"https:\/\/proelectrosonic.com\/"},{"@type":"ListItem","position":2,"name":"Integraci\u00f3n Audiovisual"}]},{"@type":"WebSite","@id":"https:\/\/proelectrosonic.com\/#website","url":"https:\/\/proelectrosonic.com\/","name":"Proelectrosonic","description":"","publisher":{"@id":"https:\/\/proelectrosonic.com\/#organization"},"potentialAction":[{"@type":"SearchAction","target":{"@type":"EntryPoint","urlTemplate":"https:\/\/proelectrosonic.com\/?s={search_term_string}"},"query-input":{"@type":"PropertyValueSpecification","valueRequired":true,"valueName":"search_term_string"}}],"inLanguage":"es"},{"@type":"Organization","@id":"https:\/\/proelectrosonic.com\/#organization","name":"Proelectrosonic","url":"https:\/\/proelectrosonic.com\/","logo":{"@type":"ImageObject","inLanguage":"es","@id":"https:\/\/proelectrosonic.com\/#\/schema\/logo\/image\/","url":"https:\/\/proelectrosonic.com\/wp-content\/uploads\/2025\/11\/cropped-logo.jpg","contentUrl":"https:\/\/proelectrosonic.com\/wp-content\/uploads\/2025\/11\/cropped-logo.jpg","width":364,"height":35,"caption":"Proelectrosonic"},"image":{"@id":"https:\/\/proelectrosonic.com\/#\/schema\/logo\/image\/"}}]}},"_links":{"self":[{"href":"https:\/\/proelectrosonic.com\/index.php\/wp-json\/wp\/v2\/pages\/84","targetHints":{"allow":["GET"]}}],"collection":[{"href":"https:\/\/proelectrosonic.com\/index.php\/wp-json\/wp\/v2\/pages"}],"about":[{"href":"https:\/\/proelectrosonic.com\/index.php\/wp-json\/wp\/v2\/types\/page"}],"author":[{"embeddable":true,"href":"https:\/\/proelectrosonic.com\/index.php\/wp-json\/wp\/v2\/users\/1"}],"replies":[{"embeddable":true,"href":"https:\/\/proelectrosonic.com\/index.php\/wp-json\/wp\/v2\/comments?post=84"}],"version-history":[{"count":9,"href":"https:\/\/proelectrosonic.com\/index.php\/wp-json\/wp\/v2\/pages\/84\/revisions"}],"predecessor-version":[{"id":317,"href":"https:\/\/proelectrosonic.com\/index.php\/wp-json\/wp\/v2\/pages\/84\/revisions\/317"}],"wp:attachment":[{"href":"https:\/\/proelectrosonic.com\/index.php\/wp-json\/wp\/v2\/media?parent=84"}],"curies":[{"name":"wp","href":"https:\/\/api.w.org\/{rel}","templated":true}]}}